{"id":21,"date":"2025-09-03T00:33:53","date_gmt":"2025-09-03T00:33:53","guid":{"rendered":"https:\/\/sitiofuturo.com\/?page_id=21"},"modified":"2025-09-26T23:57:39","modified_gmt":"2025-09-26T23:57:39","slug":"inicio","status":"publish","type":"page","link":"https:\/\/sitiofuturo.com\/en\/","title":{"rendered":"Inicio"},"content":{"rendered":"<p>[et_pb_section fb_built=&#8221;1&#8243; module_class=&#8221;module&#8221; _builder_version=&#8221;4.27.4&#8243; _module_preset=&#8221;default&#8221; background_image=&#8221;https:\/\/sitiofuturo.com\/wp-content\/uploads\/2025\/09\/back-top-scaled.png&#8221; background_position=&#8221;top_center&#8221; global_colors_info=&#8221;{}&#8221;][et_pb_row column_structure=&#8221;2_5,3_5&#8243; module_class=&#8221;center-row hero-image&#8221; _builder_version=&#8221;4.27.4&#8243; _module_preset=&#8221;default&#8221; global_colors_info=&#8221;{}&#8221;][et_pb_column type=&#8221;2_5&#8243; _builder_version=&#8221;4.27.4&#8243; _module_preset=&#8221;default&#8221; global_colors_info=&#8221;{}&#8221;][et_pb_image src=&#8221;https:\/\/sitiofuturo.com\/wp-content\/uploads\/2025\/09\/esfera1.png&#8221; title_text=&#8221;esfera1&#8243; force_fullwidth=&#8221;on&#8221; _builder_version=&#8221;4.27.4&#8243; _module_preset=&#8221;default&#8221; height_tablet=&#8221;&#8221; height_phone=&#8221;&#8221; height_last_edited=&#8221;on|phone&#8221; scroll_vertical_motion_enable=&#8221;on&#8221; scroll_vertical_motion=&#8221;0|62|62|100|4|0|-4&#8243; scroll_fade_enable=&#8221;on&#8221; global_colors_info=&#8221;{}&#8221;][\/et_pb_image][\/et_pb_column][et_pb_column type=&#8221;3_5&#8243; _builder_version=&#8221;4.27.4&#8243; _module_preset=&#8221;default&#8221; global_colors_info=&#8221;{}&#8221;][et_pb_text module_class=&#8221;text-regular text-300&#8243; _builder_version=&#8221;4.27.4&#8243; _module_preset=&#8221;default&#8221; custom_margin=&#8221;||24px||false|false&#8221; global_colors_info=&#8221;{}&#8221;]<\/p>\n<h1>Culture is the nest where the future is born<\/h1>\n<p>[\/et_pb_text][et_pb_text module_class=&#8221;text-40&#8243; _builder_version=&#8221;4.27.4&#8243; _module_preset=&#8221;default&#8221; global_colors_info=&#8221;{}&#8221;]<\/p>\n<p>The elephant in the room: Who funds culture?<\/p>\n<p>[\/et_pb_text][et_pb_text module_class=&#8221;text-24&#8243; _builder_version=&#8221;4.27.4&#8243; _module_preset=&#8221;default&#8221; global_colors_info=&#8221;{}&#8221;]<\/p>\n<p>September 27-28, 2025<br \/>Barcelona | MACBA<\/p>\n<p>[\/et_pb_text][et_pb_text module_class=&#8221;text-18&#8243; _builder_version=&#8221;4.27.4&#8243; _module_preset=&#8221;default&#8221; global_colors_info=&#8221;{}&#8221;]<\/p>\n<p>Culture is not a luxury: it is a key infrastructure for human development<\/p>\n<p>Barcelona will host Sitio Futuro, an international forum that will invite to think about other possible alternative models of cultural financing that are fairer, more inclusive, sustainable and transnational.<\/p>\n<p>[\/et_pb_text][et_pb_image src=&#8221;https:\/\/sitiofuturo.com\/wp-content\/uploads\/2025\/09\/SF-logos-home.png&#8221; title_text=&#8221;SF-logos-home&#8221; _builder_version=&#8221;4.27.4&#8243; _module_preset=&#8221;default&#8221; width=&#8221;100%&#8221; max_width=&#8221;700px&#8221; global_colors_info=&#8221;{}&#8221;][\/et_pb_image][et_pb_button button_url=&#8221;@ET-DC@eyJkeW5hbWljIjp0cnVlLCJjb250ZW50IjoicG9zdF9saW5rX3VybF9wYWdlIiwic2V0dGluZ3MiOnsicG9zdF9pZCI6IjEyMSJ9fQ==@&#8221; button_text=&#8221;Reg\u00edstrate aqu\u00ed&#8221; module_class=&#8221;btn btn&#8211;type1&#8243; _builder_version=&#8221;4.27.4&#8243; _dynamic_attributes=&#8221;button_url&#8221; _module_preset=&#8221;default&#8221; custom_button=&#8221;on&#8221; button_text_size=&#8221;18px&#8221; button_text_color=&#8221;#FFFFFF&#8221; button_bg_color=&#8221;#212121&#8243; button_border_width=&#8221;0px&#8221; button_border_radius=&#8221;10px&#8221; button_font=&#8221;|600|||||||&#8221; button_use_icon=&#8221;off&#8221; global_colors_info=&#8221;{}&#8221; button_bg_color__hover_enabled=&#8221;on|hover&#8221; button_bg_color__hover=&#8221;#6b6b6b&#8221; button_bg_enable_color__hover=&#8221;on&#8221;][\/et_pb_button][\/et_pb_column][\/et_pb_row][et_pb_row column_structure=&#8221;3_5,2_5&#8243; custom_padding_last_edited=&#8221;on|phone&#8221; module_id=&#8221;acerca&#8221; module_class=&#8221;animated-fade-up animated-offset-300&#8243; _builder_version=&#8221;4.27.4&#8243; _module_preset=&#8221;default&#8221; vertical_offset=&#8221;0px&#8221; horizontal_offset=&#8221;12%&#8221; horizontal_offset_tablet=&#8221;0%&#8221; horizontal_offset_phone=&#8221;0%&#8221; horizontal_offset_last_edited=&#8221;on|tablet&#8221; custom_margin=&#8221;-60px||||false|false&#8221; custom_margin_tablet=&#8221;0px||||false|false&#8221; custom_margin_phone=&#8221;-110px||||false|false&#8221; custom_margin_last_edited=&#8221;on|phone&#8221; custom_padding=&#8221;100px||0px|32px|false|false&#8221; custom_padding_tablet=&#8221;100px||0px|32px|false|false&#8221; custom_padding_phone=&#8221;60px||0px|16px|false|false&#8221; border_width_left=&#8221;1px&#8221; border_color_left=&#8221;#ef817c&#8221; global_colors_info=&#8221;{}&#8221;][et_pb_column type=&#8221;3_5&#8243; _builder_version=&#8221;4.27.4&#8243; _module_preset=&#8221;default&#8221; global_colors_info=&#8221;{}&#8221;][et_pb_text module_class=&#8221;text-20 &#8221; _builder_version=&#8221;4.27.4&#8243; _module_preset=&#8221;default&#8221; custom_margin=&#8221;||||false|false&#8221; custom_padding=&#8221;|||16px|false|false&#8221; custom_padding_tablet=&#8221;|||16px|false|false&#8221; custom_padding_phone=&#8221;|||0px|false|false&#8221; custom_padding_last_edited=&#8221;on|phone&#8221; hover_enabled=&#8221;0&#8243; global_colors_info=&#8221;{}&#8221; sticky_enabled=&#8221;0&#8243;]<\/p>\n<p>Los pr\u00f3ximos 27 y 28 de septiembre en el Museo de Arte Contempor\u00e1neo de Barcelona (MACBA) 150 representantes de de gobiernos, organismos multilaterales, banca de desarrollo, industrias culturales y creativas, fondos de inversi\u00f3n y pensadores, l\u00edderes e intelectuales de todos los continentes se reunir\u00e1n para plantear respuestas pr\u00e1cticas a la gran pregunta: \u00bfc\u00f3mo transformar la percepci\u00f3n de la cultura, de gasto a inversi\u00f3n estrat\u00e9gica para el desarrollo sostenible?<\/p>\n<p><strong>Why are we creating Sitio Futuro?<\/strong><br \/>La cultura no es un lujo, es un motor de cohesi\u00f3n, desarrollo, innovaci\u00f3n y democracia. \u2018Sitio Futuro\u2019 nace como una plataforma de encuentro, pensamiento y debate abierto intergeneracional y multicultural que busca situar la cultura y sus industrias en el centro de las agendas p\u00fablicas y privadas dedicadas al desarrollo sostenible.<\/p>\n<p><strong>How do we work?<\/strong><br \/>Aplicamos una metodolog\u00eda innovadora que adapta herramientas de emprendimiento al \u00e1mbito cultural. Identificamos problemas, mapeamos actores, definimos valores y dise\u00f1amos debates creativos y pr\u00e1cticos que crean soluciones concretas.<\/p>\n<p><strong>What do we propose?<\/strong><br \/>To create a cultural financial ecosystem with new instruments, public-private partnerships and a new corporate cultural responsibility. We champion novel structural policies and other cultural financing tools with a vision for the future and adapted to the technological and global world of the 21st century.<\/p>\n<p>Sitio Futuro es organizado por la Agencia Espa\u00f1ola de Cooperaci\u00f3n Internacional para el Desarrollo (AECID), la Secretar\u00eda General Iberoamericana (SEGIB), el Banco de Desarrollo de Am\u00e9rica Latina (CAF) y la Federaci\u00f3n Internacional de Consejos de las Artes y Agencias Culturales (IFACCA), y como parte del camino hacia Mondiacult 2025, personajes como Zulfu Livaneli, Lila Azam, Selma Ancira, Jordi Soler, Kendi Kamwambia (Operations Partner, HEVA Fund), Javier G\u00f3mez Santander (guionista de la Casa de Papel), Hae-Bo Kim, Foundation for Arts and Culture y Benedetta Tagliabue, Natalia Olson (asesora del ex presidente Obama para innovaci\u00f3n tecnol\u00f3gica), entre muchos otros nombres por confirmar, dialogar\u00e1n con representantes de instituciones como Banco Mundial, Banco Interamericano de Desarrollo (BID, Unesco) y con varios ministros de cultura (Suecia, Noruega, Corea, Costa Rica) y directivos de empresas como Netflix, Audible y Random House.<\/p>\n<p>[\/et_pb_text][et_pb_button button_url=&#8221;@ET-DC@eyJkeW5hbWljIjp0cnVlLCJjb250ZW50IjoicG9zdF9saW5rX3VybF9wYWdlIiwic2V0dGluZ3MiOnsicG9zdF9pZCI6IjEzNSJ9fQ==@&#8221; button_text=&#8221;Conoce a los ponentes&#8221; module_class=&#8221;btn btn&#8211;type1&#8243; _builder_version=&#8221;4.27.4&#8243; _dynamic_attributes=&#8221;button_url&#8221; _module_preset=&#8221;default&#8221; custom_button=&#8221;on&#8221; button_text_size=&#8221;18px&#8221; button_text_color=&#8221;#FFFFFF&#8221; button_bg_color=&#8221;#212121&#8243; button_border_width=&#8221;0px&#8221; button_border_radius=&#8221;10px&#8221; button_font=&#8221;|600|||||||&#8221; button_use_icon=&#8221;off&#8221; positioning=&#8221;relative&#8221; vertical_offset=&#8221;32px&#8221; custom_margin=&#8221;|||16px|false|false&#8221; custom_padding=&#8221;||||false|false&#8221; global_colors_info=&#8221;{}&#8221; button_bg_color__hover_enabled=&#8221;on|hover&#8221; button_bg_color__hover=&#8221;#6b6b6b&#8221; button_bg_enable_color__hover=&#8221;on&#8221;][\/et_pb_button][\/et_pb_column][et_pb_column type=&#8221;2_5&#8243; _builder_version=&#8221;4.27.4&#8243; _module_preset=&#8221;default&#8221; global_colors_info=&#8221;{}&#8221;][\/et_pb_column][\/et_pb_row][et_pb_row custom_padding_last_edited=&#8221;on|phone&#8221; module_class=&#8221;pointer-none&#8221; _builder_version=&#8221;4.27.4&#8243; _module_preset=&#8221;default&#8221; custom_margin=&#8221;||||false|false&#8221; custom_padding=&#8221;300px||0px||false|false&#8221; custom_padding_tablet=&#8221;100px||||false|false&#8221; custom_padding_phone=&#8221;140px||||false|false&#8221; global_colors_info=&#8221;{}&#8221;][et_pb_column type=&#8221;4_4&#8243; _builder_version=&#8221;4.27.4&#8243; _module_preset=&#8221;default&#8221; global_colors_info=&#8221;{}&#8221;][et_pb_image src=&#8221;https:\/\/sitiofuturo.com\/wp-content\/uploads\/2025\/09\/esfera3.png&#8221; title_text=&#8221;esfera3&#8243; _builder_version=&#8221;4.27.4&#8243; _module_preset=&#8221;default&#8221; positioning=&#8221;absolute&#8221; position_origin_a=&#8221;center_right&#8221; width=&#8221;800px&#8221; width_tablet=&#8221;400px&#8221; width_phone=&#8221;240px&#8221; width_last_edited=&#8221;on|tablet&#8221; custom_margin=&#8221;||||false|false&#8221; scroll_vertical_motion_enable=&#8221;on&#8221; scroll_vertical_motion=&#8221;0|44|44|99|0.5|0|-4&#8243; motion_trigger_start=&#8221;top&#8221; global_colors_info=&#8221;{}&#8221;][\/et_pb_image][\/et_pb_column][\/et_pb_row][\/et_pb_section][et_pb_section fb_built=&#8221;1&#8243; custom_padding_last_edited=&#8221;on|phone&#8221; module_class=&#8221;js-parallax-hero&#8221; _builder_version=&#8221;4.27.4&#8243; _module_preset=&#8221;default&#8221; background_image=&#8221;https:\/\/sitiofuturo.com\/wp-content\/uploads\/2025\/09\/hero-back-scaled.jpg&#8221; custom_margin=&#8221;0px||||false|false&#8221; custom_padding=&#8221;100px||100px||true|false&#8221; custom_padding_tablet=&#8221;100px||100px||true|false&#8221; custom_padding_phone=&#8221;50px||50px||true|false&#8221; global_colors_info=&#8221;{}&#8221;][et_pb_row column_structure=&#8221;3_5,2_5&#8243; custom_padding_last_edited=&#8221;on|phone&#8221; module_class=&#8221;animated-fade-up animated-offset-200&#8243; _builder_version=&#8221;4.27.4&#8243; _module_preset=&#8221;default&#8221; custom_padding_tablet=&#8221;&#8221; custom_padding_phone=&#8221;||0px||false|false&#8221; global_colors_info=&#8221;{}&#8221;][et_pb_column type=&#8221;3_5&#8243; _builder_version=&#8221;4.27.4&#8243; _module_preset=&#8221;default&#8221; global_colors_info=&#8221;{}&#8221;][et_pb_image src=&#8221;https:\/\/sitiofuturo.com\/wp-content\/uploads\/2025\/09\/sf.svg&#8221; alt=&#8221;SF&#8221; title_text=&#8221;SF&#8221; _builder_version=&#8221;4.27.4&#8243; _module_preset=&#8221;default&#8221; width=&#8221;170px&#8221; width_tablet=&#8221;100px&#8221; width_phone=&#8221;90px&#8221; width_last_edited=&#8221;on|tablet&#8221; global_colors_info=&#8221;{}&#8221;][\/et_pb_image][et_pb_text module_class=&#8221;text-40 text-500&#8243; _builder_version=&#8221;4.27.4&#8243; _module_preset=&#8221;default&#8221; global_colors_info=&#8221;{}&#8221;]<\/p>\n<h2>Culture contributes 3.1% of global GDP and generates more than 6% of global employment. Beyond economy and development, it drives identity, wellbeing and sustainability in all societies.<\/h2>\n<h2><\/h2>\n<h2>This appears to be a key statistic highlighting the economic impact and broader social value of the cultural sector.<\/h2>\n<p>[\/et_pb_text][\/et_pb_column][et_pb_column type=&#8221;2_5&#8243; _builder_version=&#8221;4.27.4&#8243; _module_preset=&#8221;default&#8221; global_colors_info=&#8221;{}&#8221;][\/et_pb_column][\/et_pb_row][\/et_pb_section][et_pb_section fb_built=&#8221;1&#8243; module_id=&#8221;agenda&#8221; module_class=&#8221;module bottom-section&#8221; _builder_version=&#8221;4.27.4&#8243; _module_preset=&#8221;default&#8221; background_image=&#8221;https:\/\/sitiofuturo.com\/wp-content\/uploads\/2025\/09\/back-bottom-scaled.png&#8221; background_position=&#8221;top_center&#8221; z_index=&#8221;1&#8243; global_colors_info=&#8221;{}&#8221;][et_pb_row custom_padding_last_edited=&#8221;on|phone&#8221; module_class=&#8221;animated-fade-up animated-offset-300&#8243; _builder_version=&#8221;4.27.4&#8243; _module_preset=&#8221;default&#8221; custom_padding=&#8221;0px||80px||false|false&#8221; custom_padding_tablet=&#8221;||40px||false|false&#8221; custom_padding_phone=&#8221;||32px||false|false&#8221; global_colors_info=&#8221;{}&#8221;][et_pb_column type=&#8221;4_4&#8243; _builder_version=&#8221;4.27.4&#8243; _module_preset=&#8221;default&#8221; global_colors_info=&#8221;{}&#8221;][et_pb_text module_class=&#8221;text-Red400  text-300&#8243; _builder_version=&#8221;4.27.4&#8243; _module_preset=&#8221;default&#8221; custom_margin=&#8221;||0px||false|false&#8221; custom_padding=&#8221;||0px||false|false&#8221; global_colors_info=&#8221;{}&#8221;]<\/p>\n<h2>Program<\/h2>\n<p>[\/et_pb_text][et_pb_text _builder_version=&#8221;4.27.4&#8243; _module_preset=&#8221;default&#8221; global_colors_info=&#8221;{}&#8221;]<\/p>\n<p><strong>SIMULTANEOUS TRANSLATION AVAILABLE AT ALL EVENTS<\/strong><\/p>\n<p>[\/et_pb_text][et_pb_code _builder_version=&#8221;4.27.4&#8243; _module_preset=&#8221;default&#8221; global_colors_info=&#8221;{}&#8221;]        <div class=\"futuro-calendar-container\">\n            <div class=\"futuro-calendar-filters\">\n                <div class=\"filter-group\">\n                    <label for=\"futuro-date-filter\">Day:<\/label>\n                    <select id=\"futuro-date-filter\" class=\"futuro-filter\">\n                        <option value=\"\">All<\/option>\n                                                    <option value=\"2025-09-27\" >\n                                September 27, 2025                            <\/option>\n                                                    <option value=\"2025-09-28\" >\n                                September 28, 2025                            <\/option>\n                                                    <option value=\"2025-09-29\" >\n                                29 de septiembre, 2025                            <\/option>\n                                            <\/select>\n                <\/div>\n                \n                <div class=\"filter-group hidden\">\n                    <label for=\"futuro-language-filter\">Language:<\/label>\n                    <select id=\"futuro-language-filter\" class=\"futuro-filter\">\n                        <option value=\"\">All<\/option>\n                                                                                    <option value=\"Espa\u00f1ol\" >\n                                    Spanish                                <\/option>\n                                                                                                                <option value=\"Ingl\u00e9s\" >\n                                    English                                <\/option>\n                                                                                                                            <\/select>\n                <\/div>\n                <div class=\"filter-group hidden\">\n                    <label for=\"futuro-theme-filter\">Activity:<\/label>\n                    <select id=\"futuro-theme-filter\" class=\"futuro-filter\">\n                        <option value=\"\">All activities<\/option>\n                                                                                    <option value=\"Conferencia\" >\n                                    Conference                                <\/option>\n                                                                                                                <option value=\"Di\u00e1logo\" >\n                                    Dialogue                                <\/option>\n                                                                                                                <option value=\"Mesa de trabajo\" >\n                                    Work table                                <\/option>\n                                                                                                                            <\/select>\n                <\/div>\n                <div class=\"filter-group\">\n                    <label for=\"futuro-activity-filter\">Subject:<\/label>\n                    <select id=\"futuro-activity-filter\" class=\"futuro-filter\">\n                        <option value=\"\">All<\/option>\n                                                                                    <option value=\"Alianzas\" >\n                                    Alliances                                <\/option>\n                                                                                                                <option value=\"Financiamiento, cultura y sostenibilidad\" >\n                                    Financing, culture and sustainability                                <\/option>\n                                                                                                                <option value=\"Imaginar el futuro\" >\n                                    Imagining the future                                <\/option>\n                                                                                                                                                                    <option value=\"Pensar la cultura\" >\n                                    Thinking about culture                                <\/option>\n                                                                        <\/select>\n                <\/div>\n                \n                \n            <\/div>\n            \n            <div class=\"futuro-calendar-events\" id=\"futuro-events-container\">\n                <div class=\"futuro-date-group\"><h3 class=\"futuro-date-title\">September 27, 2025<\/h3><div class=\"futuro-events-list\">        <div class=\"futuro-event-item\" data-date=\"2025-09-27\" \n             data-language=\"Omitir\" \n             data-activity=\"Omitir\" \n             data-theme=\"Omitir\">\n            \n            <div class=\"futuro-event-time\">\n                09:00 - 09:30            <\/div>\n            \n            <div class=\"futuro-event-content\">\n                <h4 class=\"futuro-event-title\">Registration and accreditations<\/h4>\n                \n                                \n                <div class=\"futuro-event-meta\">\n                                        \n                                        \n                                    <\/div>\n            <\/div>\n        <\/div>\n                <div class=\"futuro-event-item\" data-date=\"2025-09-27\" \n             data-language=\"Omitir\" \n             data-activity=\"Omitir\" \n             data-theme=\"Omitir\">\n            \n            <div class=\"futuro-event-time\">\n                09:30 - 10:00            <\/div>\n            \n            <div class=\"futuro-event-content\">\n                <h4 class=\"futuro-event-title\">Words of welcome<\/h4>\n                \n                                    <p class=\"futuro-event-description\">Eduard Vicente,  Museo de Arte Contempor\u00e1neo de Barcelona, MACBA <br \/>\r\nErnesto Ottone, Organizaci\u00f3n de las Naciones Unidas para la Educaci\u00f3n, la Ciencia y la Cultura,  UNESCO <br \/>\r\nMagdalena Moreno Mujica, International Federation of Arts Councils and Culture Agencies, IFACCA, <br \/>\r\nSantiago Herrero, director of cultural and scientific relations of AECID.<br \/>\r\nAmb. Lorena Larios Rodr\u00edguez, Secretary for Ibero-American Cooperation, SEGIB<\/p>\n                                \n                <div class=\"futuro-event-meta\">\n                                        \n                                        \n                                    <\/div>\n            <\/div>\n        <\/div>\n                <div class=\"futuro-event-item\" data-date=\"2025-09-27\" \n             data-language=\"Omitir\" \n             data-activity=\"Omitir\" \n             data-theme=\"Omitir\">\n            \n            <div class=\"futuro-event-time\">\n                10:00 - 10:45            <\/div>\n            \n            <div class=\"futuro-event-content\">\n                <h4 class=\"futuro-event-title\">Presentation of the forum and work methodology<\/h4>\n                \n                                    <p class=\"futuro-event-description\">Enrique Vargas, SEGIB<br \/>\r\nPablo Raphael, Future site<\/p>\n                                \n                <div class=\"futuro-event-meta\">\n                                        \n                                        \n                                    <\/div>\n            <\/div>\n        <\/div>\n                <div class=\"futuro-event-item\" data-date=\"2025-09-27\" \n             data-language=\"Omitir\" \n             data-activity=\"Pensar la cultura\" \n             data-theme=\"Omitir\">\n            \n            <div class=\"futuro-event-time\">\n                10:45 - 11:45            <\/div>\n            \n            <div class=\"futuro-event-content\">\n                <h4 class=\"futuro-event-title\">Inaugural talk: Culture for what?<\/h4>\n                \n                                    <p class=\"futuro-event-description\">Lila Azam, writer (Paris) <br \/>\r\nJordi Soler, writer (Barcelona-Mexico)<\/p>\n                                \n                <div class=\"futuro-event-meta\">\n                                                                        <span class=\"futuro-event-theme\" data-type=\"pensar-la-cultura\">Thinking about culture<\/span>\n                                                <span class=\"futuro-event-separator\">-<\/span>\n                                        \n                                        \n                                    <\/div>\n            <\/div>\n        <\/div>\n                <div class=\"futuro-event-item\" data-date=\"2025-09-27\" \n             data-language=\"Omitir\" \n             data-activity=\"Omitir\" \n             data-theme=\"Omitir\">\n            \n            <div class=\"futuro-event-time\">\n                11:45 - 12:00            <\/div>\n            \n            <div class=\"futuro-event-content\">\n                <h4 class=\"futuro-event-title\">Coffee break<\/h4>\n                \n                                \n                <div class=\"futuro-event-meta\">\n                                        \n                                        \n                                    <\/div>\n            <\/div>\n        <\/div>\n                <div class=\"futuro-event-item\" data-date=\"2025-09-27\" \n             data-language=\"Omitir\" \n             data-activity=\"Omitir\" \n             data-theme=\"Omitir\">\n            \n            <div class=\"futuro-event-time\">\n                12:00 - 13:15            <\/div>\n            \n            <div class=\"futuro-event-content\">\n                <h4 class=\"futuro-event-title\">Dialogue: The elephant in the room, models and limits of current cultural financing<\/h4>\n                \n                                    <p class=\"futuro-event-description\">Magdalena Moreno Mujica, IFACCA (Chile\/Australia) <br \/>\r\nKendi Kamwambia Operations Partner, HEVA Fund (Kenya)<br \/>\r\nKajsa Ravin, Swedish Arts Council <br \/>\r\nSantiago Herrero, Director of Cultural and Scientific Relations, AECID. (Spain)<br \/>\r\nLLu\u00eds Bonet, University of Barcelona <br \/>\r\nHenar Le\u00f3n, expert in innovation, technology and culture (Madrid) <br \/>\r\nModera: Trinidad Zald\u00edvar, consultora  internacional (Chile)<\/p>\n                                \n                <div class=\"futuro-event-meta\">\n                                        \n                                        \n                                    <\/div>\n            <\/div>\n        <\/div>\n                <div class=\"futuro-event-item\" data-date=\"2025-09-27\" \n             data-language=\"Omitir\" \n             data-activity=\"Omitir\" \n             data-theme=\"Omitir\">\n            \n            <div class=\"futuro-event-time\">\n                13:15 - 14:45            <\/div>\n            \n            <div class=\"futuro-event-content\">\n                <h4 class=\"futuro-event-title\">Working lunch<\/h4>\n                \n                                \n                <div class=\"futuro-event-meta\">\n                                        \n                                        \n                                    <\/div>\n            <\/div>\n        <\/div>\n                <div class=\"futuro-event-item\" data-date=\"2025-09-27\" \n             data-language=\"Omitir\" \n             data-activity=\"Omitir\" \n             data-theme=\"Omitir\">\n            \n            <div class=\"futuro-event-time\">\n                14:45 - 16:15            <\/div>\n            \n            <div class=\"futuro-event-content\">\n                <h4 class=\"futuro-event-title\">Arquitecturas de financiamiento para el desarrollo cultural<\/h4>\n                \n                                    <p class=\"futuro-event-description\">Martin Inthamoussu, World Bank (Washington)<br \/>\r\nHae -Bo Kim, Seoul Foundation for Arts and Culture (Rep\u00fablica de Corea)<br \/>\r\nCarlos Raphael, BID group Chairman (Francia-M\u00e9xico)<br \/>\r\nDaniel Lamarre, Cirque du Soleil (Canada) <br \/>\r\nJuanjo Mendez<br \/>\r\nModera: Manel Gonz\u00e1lez-Pi\u00f1ero,  Profesor Econom\u00eda e Innovaci\u00f3n, Universitat de Barcelona y ESMUC<\/p>\n                                \n                <div class=\"futuro-event-meta\">\n                                        \n                                        \n                                    <\/div>\n            <\/div>\n        <\/div>\n                <div class=\"futuro-event-item\" data-date=\"2025-09-27\" \n             data-language=\"Omitir\" \n             data-activity=\"Omitir\" \n             data-theme=\"Omitir\">\n            \n            <div class=\"futuro-event-time\">\n                16:15 - 16:30            <\/div>\n            \n            <div class=\"futuro-event-content\">\n                <h4 class=\"futuro-event-title\">Coffee break<\/h4>\n                \n                                \n                <div class=\"futuro-event-meta\">\n                                        \n                                        \n                                    <\/div>\n            <\/div>\n        <\/div>\n                <div class=\"futuro-event-item\" data-date=\"2025-09-27\" \n             data-language=\"Omitir\" \n             data-activity=\"Alianzas\" \n             data-theme=\"Omitir\">\n            \n            <div class=\"futuro-event-time\">\n                16:30 - 18:00            <\/div>\n            \n            <div class=\"futuro-event-content\">\n                <h4 class=\"futuro-event-title\">Alianzas p\u00fablico-privadas y sostenibilidad cultural<\/h4>\n                \n                                    <p class=\"futuro-event-description\">Raphael Callou, Organizaci\u00f3n de los Estados Iberoamericano,  OEI  <br \/>\r\nJuan Rivas, The Tenth Floor (Vigo) <br \/>\r\nAida Mayor Bel, Som(riu) Fest (Aldover, Tarragona) <br \/>\r\nAlicia Cano,  Coordinadora Departamento de Relaciones Institucionales, Direcci\u00f3n Nacional de Cultura de Uruguay  <br \/>\r\nSantiago P\u00e9rez Cardona,  HI-G CEO (Colombia) <br \/>\r\nMarc Hern\u00e1ndez, La Tempesta<br \/>\r\nLucrecia Cardoso, OSAI Foundation (Argentina)<br \/>\r\nModera: Juan Carlos Bonet, Ex director del Sistema de Apoyos a la Creaci\u00f3n y a ProyectosCulturales de M\u00e9xico.<\/p>\n                                \n                <div class=\"futuro-event-meta\">\n                                                                        <span class=\"futuro-event-theme\" data-type=\"alianzas\">Alliances<\/span>\n                                                <span class=\"futuro-event-separator\">-<\/span>\n                                        \n                                        \n                                    <\/div>\n            <\/div>\n        <\/div>\n                <div class=\"futuro-event-item\" data-date=\"2025-09-27\" \n             data-language=\"Omitir\" \n             data-activity=\"Omitir\" \n             data-theme=\"Omitir\">\n            \n            <div class=\"futuro-event-time\">\n                18:00 - 18:30            <\/div>\n            \n            <div class=\"futuro-event-content\">\n                <h4 class=\"futuro-event-title\">Di\u00e1logo El futuro del espacio<\/h4>\n                \n                                    <p class=\"futuro-event-description\">Benedetta Tagiabue, EMBT Architects <br \/>\r\nDaniel Lamarre, Cirque du Soleil<\/p>\n                                \n                <div class=\"futuro-event-meta\">\n                                        \n                                        \n                                    <\/div>\n            <\/div>\n        <\/div>\n        <\/div><\/div><div class=\"futuro-date-group\"><h3 class=\"futuro-date-title\">September 28, 2025<\/h3><div class=\"futuro-events-list\">        <div class=\"futuro-event-item\" data-date=\"2025-09-28\" \n             data-language=\"Omitir\" \n             data-activity=\"Imaginar el futuro\" \n             data-theme=\"Omitir\">\n            \n            <div class=\"futuro-event-time\">\n                10:00 - 11:30            <\/div>\n            \n            <div class=\"futuro-event-content\">\n                <h4 class=\"futuro-event-title\">Culture and financial cooperation for development<\/h4>\n                \n                                    <p class=\"futuro-event-description\">Jes\u00fas Prieto, Entidad de Gesti\u00f3n de Derechos de los Productores Audiovisuales, EGEDA (Madrid) <br \/>\r\nSantiago \u00c1lfaro, sociologist (Peru)<br \/>\r\nMar\u00eda Victoria Alcaraz, directora de Asuntos Internacionales del Ministerio de Cultura de Buenos Aires  <br \/>\r\nEma Yanes, investigadora titular del INAH, experta en proyectos artesanales sustentables (M\u00e9xico)<br \/>\r\nFelix Lossio, Cultural Industries (Peru) <br \/>\r\nEmil Rodr\u00edguez Garabot,  director de Desarrollo Urbano,  CAF<br \/>\r\nModera: Greta de Le\u00f3n, The Americas Research Network<\/p>\n                                \n                <div class=\"futuro-event-meta\">\n                                                                        <span class=\"futuro-event-theme\" data-type=\"imaginar-el-futuro\">Imagining the future<\/span>\n                                                <span class=\"futuro-event-separator\">-<\/span>\n                                        \n                                        \n                                    <\/div>\n            <\/div>\n        <\/div>\n                <div class=\"futuro-event-item\" data-date=\"2025-09-28\" \n             data-language=\"Omitir\" \n             data-activity=\"Imaginar el futuro\" \n             data-theme=\"Omitir\">\n            \n            <div class=\"futuro-event-time\">\n                10:00 - 11:30            <\/div>\n            \n            <div class=\"futuro-event-content\">\n                <h4 class=\"futuro-event-title\">Libertad creativa y sentido de pertenencia<\/h4>\n                \n                                    <p class=\"futuro-event-description\">C\u00e9sar Villanueva, UIA (Mexico) <br \/>\r\nPablo Gonz\u00e1lo G\u00f3mez, Director de Innovaci\u00f3n Cultural y Pensamiento Cr\u00edtico de la Fundaci\u00f3n Telef\u00f3nica (Madrid)<br \/>\r\nPep Torres, Stereonoise (Barcelona) <br \/>\r\nNadia Baram, photographer (Mexico) <br \/>\r\nDaniel G. Andujar, Technologies to The People <br \/>\r\nAntonia Folguera, SONAR+D and Euf\u00f2nic  <br \/>\r\nModerator: Tere Badia, Hacte (Barcelona)<\/p>\n                                \n                <div class=\"futuro-event-meta\">\n                                                                        <span class=\"futuro-event-theme\" data-type=\"imaginar-el-futuro\">Imagining the future<\/span>\n                                                <span class=\"futuro-event-separator\">-<\/span>\n                                        \n                                        \n                                    <\/div>\n            <\/div>\n        <\/div>\n                <div class=\"futuro-event-item\" data-date=\"2025-09-28\" \n             data-language=\"Omitir\" \n             data-activity=\"Pensar la cultura\" \n             data-theme=\"Omitir\">\n            \n            <div class=\"futuro-event-time\">\n                10:45 - 11:45            <\/div>\n            \n            <div class=\"futuro-event-content\">\n                <h4 class=\"futuro-event-title\">Di\u00e1logo: Inventarnos a nosotros mismos<\/h4>\n                \n                                    <p class=\"futuro-event-description\">Javier G\u00f3mez Santander, screenwriter of La Casa de Papel (Madrid)<br \/>\r\nValerie Miles, Granta en espa\u00f1ol (Estados Unidos<\/p>\n                                \n                <div class=\"futuro-event-meta\">\n                                                                        <span class=\"futuro-event-theme\" data-type=\"pensar-la-cultura\">Thinking about culture<\/span>\n                                                <span class=\"futuro-event-separator\">-<\/span>\n                                        \n                                        \n                                    <\/div>\n            <\/div>\n        <\/div>\n                <div class=\"futuro-event-item\" data-date=\"2025-09-28\" \n             data-language=\"Omitir\" \n             data-activity=\"Omitir\" \n             data-theme=\"Omitir\">\n            \n            <div class=\"futuro-event-time\">\n                11:30 - 11:45            <\/div>\n            \n            <div class=\"futuro-event-content\">\n                <h4 class=\"futuro-event-title\">Coffee break<\/h4>\n                \n                                \n                <div class=\"futuro-event-meta\">\n                                        \n                                        \n                                    <\/div>\n            <\/div>\n        <\/div>\n                <div class=\"futuro-event-item\" data-date=\"2025-09-28\" \n             data-language=\"Omitir\" \n             data-activity=\"Omitir\" \n             data-theme=\"Omitir\">\n            \n            <div class=\"futuro-event-time\">\n                11:45 - 13:00            <\/div>\n            \n            <div class=\"futuro-event-content\">\n                <h4 class=\"futuro-event-title\">Innovaci\u00f3n cultural y cambio sist\u00e9mico<\/h4>\n                \n                                    <p class=\"futuro-event-description\">Daniel Fern\u00e1ndez, Federaci\u00f3n de Gremios de Editores de Espa\u00f1a\/ EDHASA<br \/>\r\nIsabel Villanueva, Bime (Barcelona)<br \/>\r\nGiulia Poltronieri (Festival Dansa Metropolitana &amp; Xarxa de F\u00e0briques de Creaci\u00f3) <br \/>\r\nValerie Aubert, Nest City Lab (Barcelona) <br \/>\r\nAnders Rykkja. Queens University  (UK) <br \/>\r\nM\u00f2nica Garcia Massagu\u00e9 Sitges, International Fantastic Film Festival of Catalonia <br \/>\r\nSantiago Trujillo Secretario de Cultura de Bogot\u00e1<br \/>\r\nEmb. Jos\u00e9 Luis Mart\u00ednez y Hern\u00e1ndez, Ex-Embajador de M\u00e9xico en Turqu\u00eda<br \/>\r\nModerator: Roger Casas, El Ca\u00f1onazo (Brussels)<\/p>\n                                \n                <div class=\"futuro-event-meta\">\n                                        \n                                        \n                                    <\/div>\n            <\/div>\n        <\/div>\n                <div class=\"futuro-event-item\" data-date=\"2025-09-28\" \n             data-language=\"Omitir\" \n             data-activity=\"Omitir\" \n             data-theme=\"Omitir\">\n            \n            <div class=\"futuro-event-time\">\n                13:00 - 14:30            <\/div>\n            \n            <div class=\"futuro-event-content\">\n                <h4 class=\"futuro-event-title\">Working lunch<\/h4>\n                \n                                \n                <div class=\"futuro-event-meta\">\n                                        \n                                        \n                                    <\/div>\n            <\/div>\n        <\/div>\n                <div class=\"futuro-event-item\" data-date=\"2025-09-28\" \n             data-language=\"Omitir\" \n             data-activity=\"Imaginar el futuro\" \n             data-theme=\"Omitir\">\n            \n            <div class=\"futuro-event-time\">\n                15:15 - 16:00            <\/div>\n            \n            <div class=\"futuro-event-content\">\n                <h4 class=\"futuro-event-title\">Futuro \u00bfc\u00f3mo financiamos la cultura en el 2045?<\/h4>\n                \n                                    <p class=\"futuro-event-description\">Elvira Dyangani Ose, MACBA (Barcelona)<br \/>\r\nNatalia Olson IDEADED advisor (United States)<br \/>\r\nMar\u00eda Coronado, SETT Audiovisual <br \/>\r\nManuel Alejandro Rojo, Business Development &amp; Public Affairs, BIME STARTUP (Madrid) <br \/>\r\nErika Santana, congresista, M\u00e9xico<br \/>\r\nSebasti\u00e1n L\u00f3pez de  Mesa, HI-Gi (Colombia)<br \/>\r\nCarolina Van der Huck Arias, Senior Executive, Urban Development and Creative Economies, CAF bank<br \/>\r\nModera: Pere Ort\u00edn, periodista y documentalista<\/p>\n                                \n                <div class=\"futuro-event-meta\">\n                                                                        <span class=\"futuro-event-theme\" data-type=\"imaginar-el-futuro\">Imagining the future<\/span>\n                                                <span class=\"futuro-event-separator\">-<\/span>\n                                        \n                                        \n                                    <\/div>\n            <\/div>\n        <\/div>\n                <div class=\"futuro-event-item\" data-date=\"2025-09-28\" \n             data-language=\"Omitir\" \n             data-activity=\"Imaginar el futuro\" \n             data-theme=\"Omitir\">\n            \n            <div class=\"futuro-event-time\">\n                16:00 - 16:45            <\/div>\n            \n            <div class=\"futuro-event-content\">\n                <h4 class=\"futuro-event-title\">Closing in Dialogue: Inhabiting the Future<\/h4>\n                \n                                    <p class=\"futuro-event-description\">Zulfu Livaneli, writer and Selma Ancira, translator<br \/>\r\nPresenta: Jos\u00e9 Luis Mart\u00ednez y Lluc Juanola Gonz\u00e1lez<\/p>\n                                \n                <div class=\"futuro-event-meta\">\n                                                                        <span class=\"futuro-event-theme\" data-type=\"imaginar-el-futuro\">Imagining the future<\/span>\n                                                <span class=\"futuro-event-separator\">-<\/span>\n                                        \n                                        \n                                    <\/div>\n            <\/div>\n        <\/div>\n                <div class=\"futuro-event-item\" data-date=\"2025-09-28\" \n             data-language=\"Omitir\" \n             data-activity=\"Omitir\" \n             data-theme=\"Omitir\">\n            \n            <div class=\"futuro-event-time\">\n                16:45 - 17:00            <\/div>\n            \n            <div class=\"futuro-event-content\">\n                <h4 class=\"futuro-event-title\">Conclusion report and farewell<\/h4>\n                \n                                \n                <div class=\"futuro-event-meta\">\n                                        \n                                        \n                                    <\/div>\n            <\/div>\n        <\/div>\n        <\/div><\/div><div class=\"futuro-date-group\"><h3 class=\"futuro-date-title\">29 de septiembre, 2025<\/h3><div class=\"futuro-events-list\">        <div class=\"futuro-event-item\" data-date=\"2025-09-29\" \n             data-language=\"Omitir\" \n             data-activity=\"Omitir\" \n             data-theme=\"Omitir\">\n            \n            <div class=\"futuro-event-time\">\n                08:00 - 09:00            <\/div>\n            \n            <div class=\"futuro-event-content\">\n                <h4 class=\"futuro-event-title\">Mondiacult Headquarters. CCIB Presentation of results<\/h4>\n                \n                                    <p class=\"futuro-event-description\">Magdalena Moreno -IFACCA<br \/>\r\nPablo Raphael - SITIO FUTURO<br \/>\r\nTrinidad Zald\u00edvar - Moderator Representative<br \/>\r\nNatalia Olson - Speaker Representative<\/p>\n                                \n                <div class=\"futuro-event-meta\">\n                                        \n                                        \n                                    <\/div>\n            <\/div>\n        <\/div>\n        <\/div><\/div>            <\/div>\n        <\/div>\n        [\/et_pb_code][\/et_pb_column][\/et_pb_row][et_pb_row custom_padding_last_edited=&#8221;on|phone&#8221; disabled_on=&#8221;on|on|on&#8221; module_class=&#8221;logo-grid animated-fade-up animated-offset-300&#8243; _builder_version=&#8221;4.27.4&#8243; _module_preset=&#8221;default&#8221; vertical_offset=&#8221;0px&#8221; horizontal_offset=&#8221;12%&#8221; horizontal_offset_tablet=&#8221;0%&#8221; horizontal_offset_phone=&#8221;-10px&#8221; horizontal_offset_last_edited=&#8221;on|tablet&#8221; width=&#8221;88%&#8221; height=&#8221;400px&#8221; height_tablet=&#8221;auto&#8221; height_phone=&#8221;auto&#8221; height_last_edited=&#8221;on|tablet&#8221; custom_margin=&#8221;||180px||false|false&#8221; custom_margin_tablet=&#8221;||60px||false|false&#8221; custom_margin_phone=&#8221;||||false|false&#8221; custom_margin_last_edited=&#8221;on|tablet&#8221; custom_padding=&#8221;0px||0px|32px|false|false&#8221; custom_padding_tablet=&#8221;0px||0px|32px|false|false&#8221; custom_padding_phone=&#8221;60px||0px|16px|false|false&#8221; border_width_left=&#8221;1px&#8221; border_color_left=&#8221;#ef817c&#8221; disabled=&#8221;on&#8221; global_colors_info=&#8221;{}&#8221;][et_pb_column type=&#8221;4_4&#8243; _builder_version=&#8221;4.27.4&#8243; _module_preset=&#8221;default&#8221; positioning=&#8221;none&#8221; custom_padding=&#8221;||||false|false&#8221; global_colors_info=&#8221;{}&#8221;][et_pb_text module_class=&#8221;text-Red400  text-300&#8243; _builder_version=&#8221;4.27.4&#8243; _module_preset=&#8221;default&#8221; global_colors_info=&#8221;{}&#8221;]<\/p>\n<h2>Organized by<\/h2>\n<p>[\/et_pb_text][et_pb_image src=&#8221;https:\/\/sitiofuturo.com\/wp-content\/uploads\/2025\/09\/mondiacult-logo.png&#8221; title_text=&#8221;mondiacult-logo&#8221; _builder_version=&#8221;4.27.4&#8243; _module_preset=&#8221;default&#8221; positioning=&#8221;absolute&#8221; vertical_offset=&#8221;130px&#8221; horizontal_offset=&#8221;32px&#8221; position_origin_a_tablet=&#8221;&#8221; position_origin_a_phone=&#8221;&#8221; position_origin_a_last_edited=&#8221;on|tablet&#8221; position_origin_f_tablet=&#8221;&#8221; position_origin_f_phone=&#8221;&#8221; position_origin_f_last_edited=&#8221;on|tablet&#8221; position_origin_r_tablet=&#8221;&#8221; position_origin_r_phone=&#8221;&#8221; position_origin_r_last_edited=&#8221;on|tablet&#8221; width=&#8221;270px&#8221; width_tablet=&#8221;140px&#8221; width_phone=&#8221;140px&#8221; width_last_edited=&#8221;on|tablet&#8221; positioning_tablet=&#8221;none&#8221; positioning_phone=&#8221;none&#8221; positioning_last_edited=&#8221;on|tablet&#8221; global_colors_info=&#8221;{}&#8221;][\/et_pb_image][et_pb_image src=&#8221;https:\/\/sitiofuturo.com\/wp-content\/uploads\/2025\/09\/ministerio-aecid-coop-logo-1.png&#8221; title_text=&#8221;ministerio-aecid-coop-logo 1&#8243; _builder_version=&#8221;4.27.4&#8243; _module_preset=&#8221;default&#8221; positioning=&#8221;absolute&#8221; position_origin_a=&#8221;top_right&#8221; vertical_offset=&#8221;143px&#8221; horizontal_offset=&#8221;180px&#8221; position_origin_a_tablet=&#8221;top_right&#8221; position_origin_a_phone=&#8221;top_right&#8221; position_origin_a_last_edited=&#8221;on|tablet&#8221; position_origin_f_tablet=&#8221;&#8221; position_origin_f_phone=&#8221;&#8221; position_origin_f_last_edited=&#8221;on|tablet&#8221; position_origin_r_tablet=&#8221;&#8221; position_origin_r_phone=&#8221;&#8221; position_origin_r_last_edited=&#8221;on|tablet&#8221; width=&#8221;440px&#8221; width_tablet=&#8221;280px&#8221; width_phone=&#8221;280px&#8221; width_last_edited=&#8221;on|tablet&#8221; positioning_tablet=&#8221;none&#8221; positioning_phone=&#8221;none&#8221; positioning_last_edited=&#8221;on|tablet&#8221; global_colors_info=&#8221;{}&#8221;][\/et_pb_image][et_pb_image src=&#8221;https:\/\/sitiofuturo.com\/wp-content\/uploads\/2025\/09\/unesco-logo.png&#8221; title_text=&#8221;unesco-logo&#8221; _builder_version=&#8221;4.27.4&#8243; _module_preset=&#8221;default&#8221; positioning=&#8221;absolute&#8221; vertical_offset=&#8221;260px&#8221; horizontal_offset=&#8221;210px&#8221; position_origin_a_tablet=&#8221;&#8221; position_origin_a_phone=&#8221;&#8221; position_origin_a_last_edited=&#8221;on|tablet&#8221; position_origin_f_tablet=&#8221;&#8221; position_origin_f_phone=&#8221;&#8221; position_origin_f_last_edited=&#8221;on|tablet&#8221; position_origin_r_tablet=&#8221;&#8221; position_origin_r_phone=&#8221;&#8221; position_origin_r_last_edited=&#8221;on|tablet&#8221; width=&#8221;280px&#8221; width_tablet=&#8221;240px&#8221; width_phone=&#8221;240px&#8221; width_last_edited=&#8221;on|tablet&#8221; positioning_tablet=&#8221;none&#8221; positioning_phone=&#8221;none&#8221; positioning_last_edited=&#8221;on|tablet&#8221; global_colors_info=&#8221;{}&#8221;][\/et_pb_image][et_pb_image src=&#8221;https:\/\/sitiofuturo.com\/wp-content\/uploads\/2025\/09\/Mask-group-2.png&#8221; title_text=&#8221;Mask group&#8221; _builder_version=&#8221;4.27.4&#8243; _module_preset=&#8221;default&#8221; positioning=&#8221;absolute&#8221; position_origin_a=&#8221;top_right&#8221; vertical_offset=&#8221;320px&#8221; horizontal_offset=&#8221;200px&#8221; position_origin_a_tablet=&#8221;top_right&#8221; position_origin_a_phone=&#8221;top_right&#8221; position_origin_a_last_edited=&#8221;on|tablet&#8221; position_origin_f_tablet=&#8221;&#8221; position_origin_f_phone=&#8221;&#8221; position_origin_f_last_edited=&#8221;on|tablet&#8221; position_origin_r_tablet=&#8221;&#8221; position_origin_r_phone=&#8221;&#8221; position_origin_r_last_edited=&#8221;on|tablet&#8221; width=&#8221;180px&#8221; width_tablet=&#8221;210px&#8221; width_phone=&#8221;210px&#8221; width_last_edited=&#8221;on|tablet&#8221; positioning_tablet=&#8221;none&#8221; positioning_phone=&#8221;none&#8221; positioning_last_edited=&#8221;on|tablet&#8221; global_colors_info=&#8221;{}&#8221;][\/et_pb_image][et_pb_image src=&#8221;https:\/\/sitiofuturo.com\/wp-content\/uploads\/2025\/09\/Mask-group-1.png&#8221; title_text=&#8221;Mask group-1&#8243; _builder_version=&#8221;4.27.4&#8243; _module_preset=&#8221;default&#8221; positioning=&#8221;absolute&#8221; vertical_offset=&#8221;580px&#8221; horizontal_offset=&#8221;170px&#8221; position_origin_a_tablet=&#8221;&#8221; position_origin_a_phone=&#8221;&#8221; position_origin_a_last_edited=&#8221;on|tablet&#8221; position_origin_f_tablet=&#8221;&#8221; position_origin_f_phone=&#8221;&#8221; position_origin_f_last_edited=&#8221;on|tablet&#8221; position_origin_r_tablet=&#8221;&#8221; position_origin_r_phone=&#8221;&#8221; position_origin_r_last_edited=&#8221;on|tablet&#8221; width=&#8221;370px&#8221; width_tablet=&#8221;200px&#8221; width_phone=&#8221;200px&#8221; width_last_edited=&#8221;on|tablet&#8221; positioning_tablet=&#8221;none&#8221; positioning_phone=&#8221;none&#8221; positioning_last_edited=&#8221;on|tablet&#8221; global_colors_info=&#8221;{}&#8221;][\/et_pb_image][et_pb_image src=&#8221;https:\/\/sitiofuturo.com\/wp-content\/uploads\/2025\/09\/IFACCA-logo-color-1.png&#8221; title_text=&#8221;IFACCA-logo-color 1&#8243; _builder_version=&#8221;4.27.4&#8243; _module_preset=&#8221;default&#8221; positioning=&#8221;absolute&#8221; position_origin_a=&#8221;top_right&#8221; vertical_offset=&#8221;420px&#8221; horizontal_offset=&#8221;481px&#8221; position_origin_a_tablet=&#8221;top_right&#8221; position_origin_a_phone=&#8221;top_right&#8221; position_origin_a_last_edited=&#8221;on|tablet&#8221; position_origin_f_tablet=&#8221;&#8221; position_origin_f_phone=&#8221;&#8221; position_origin_f_last_edited=&#8221;on|tablet&#8221; position_origin_r_tablet=&#8221;&#8221; position_origin_r_phone=&#8221;&#8221; position_origin_r_last_edited=&#8221;on|tablet&#8221; width=&#8221;257px&#8221; width_tablet=&#8221;200px&#8221; width_phone=&#8221;200px&#8221; width_last_edited=&#8221;on|tablet&#8221; positioning_tablet=&#8221;none&#8221; positioning_phone=&#8221;none&#8221; positioning_last_edited=&#8221;on|tablet&#8221; global_colors_info=&#8221;{}&#8221;][\/et_pb_image][et_pb_image src=&#8221;https:\/\/sitiofuturo.com\/wp-content\/uploads\/2025\/09\/LOGO-20-SEGIB-FINAL-COLOR-1.png&#8221; title_text=&#8221;LOGO 20 SEGIB FINAL COLOR 1&#8243; _builder_version=&#8221;4.27.4&#8243; _module_preset=&#8221;default&#8221; positioning=&#8221;absolute&#8221; position_origin_a=&#8221;top_right&#8221; vertical_offset=&#8221;610px&#8221; horizontal_offset=&#8221;281px&#8221; position_origin_a_tablet=&#8221;top_right&#8221; position_origin_a_phone=&#8221;top_right&#8221; position_origin_a_last_edited=&#8221;on|tablet&#8221; position_origin_f_tablet=&#8221;&#8221; position_origin_f_phone=&#8221;&#8221; position_origin_f_last_edited=&#8221;on|tablet&#8221; position_origin_r_tablet=&#8221;&#8221; position_origin_r_phone=&#8221;&#8221; position_origin_r_last_edited=&#8221;on|tablet&#8221; width=&#8221;257px&#8221; width_tablet=&#8221;200px&#8221; width_phone=&#8221;200px&#8221; width_last_edited=&#8221;on|tablet&#8221; positioning_tablet=&#8221;none&#8221; positioning_phone=&#8221;none&#8221; positioning_last_edited=&#8221;on|tablet&#8221; global_colors_info=&#8221;{}&#8221;][\/et_pb_image][\/et_pb_column][\/et_pb_row][et_pb_row disabled_on=&#8221;off|off|off&#8221; module_class=&#8221;full-width&#8221; _builder_version=&#8221;4.27.4&#8243; _module_preset=&#8221;default&#8221; width=&#8221;100%&#8221; max_width=&#8221;100%&#8221; custom_padding=&#8221;||40px||false|false&#8221; global_colors_info=&#8221;{}&#8221;][et_pb_column type=&#8221;4_4&#8243; _builder_version=&#8221;4.27.4&#8243; _module_preset=&#8221;default&#8221; positioning=&#8221;none&#8221; global_colors_info=&#8221;{}&#8221;][et_pb_image src=&#8221;https:\/\/sitiofuturo.com\/wp-content\/uploads\/2025\/09\/esfera4-2.png&#8221; title_text=&#8221;esfera4&#8243; disabled_on=&#8221;on|on|on&#8221; _builder_version=&#8221;4.27.4&#8243; _module_preset=&#8221;default&#8221; positioning=&#8221;absolute&#8221; vertical_offset=&#8221;-480px&#8221; horizontal_offset=&#8221;-180px&#8221; vertical_offset_tablet=&#8221;-250px&#8221; vertical_offset_phone=&#8221;-110px&#8221; vertical_offset_last_edited=&#8221;on|phone&#8221; horizontal_offset_tablet=&#8221;0px&#8221; horizontal_offset_phone=&#8221;0px&#8221; horizontal_offset_last_edited=&#8221;on|tablet&#8221; width=&#8221;590px&#8221; width_tablet=&#8221;400px&#8221; width_phone=&#8221;200px&#8221; width_last_edited=&#8221;on|tablet&#8221; scroll_vertical_motion_enable=&#8221;on&#8221; scroll_scaling_enable=&#8221;on&#8221; disabled=&#8221;on&#8221; global_colors_info=&#8221;{}&#8221;][\/et_pb_image][et_pb_image src=&#8221;https:\/\/sitiofuturo.com\/wp-content\/uploads\/2025\/09\/esfera-5.png&#8221; title_text=&#8221;esfera-5&#8243; _builder_version=&#8221;4.27.4&#8243; _module_preset=&#8221;default&#8221; positioning=&#8221;absolute&#8221; position_origin_a=&#8221;top_right&#8221; horizontal_offset=&#8221;-210px&#8221; vertical_offset_tablet=&#8221;-440px&#8221; vertical_offset_phone=&#8221;70px&#8221; vertical_offset_last_edited=&#8221;on|phone&#8221; horizontal_offset_tablet=&#8221;-130px&#8221; horizontal_offset_phone=&#8221;-130px&#8221; horizontal_offset_last_edited=&#8221;on|tablet&#8221; width=&#8221;800px&#8221; width_tablet=&#8221;500px&#8221; width_phone=&#8221;340px&#8221; width_last_edited=&#8221;on|tablet&#8221; scroll_vertical_motion_enable=&#8221;on&#8221; scroll_scaling_enable=&#8221;on&#8221; global_colors_info=&#8221;{}&#8221;][\/et_pb_image][\/et_pb_column][\/et_pb_row][\/et_pb_section][et_pb_section fb_built=&#8221;1&#8243; custom_padding_last_edited=&#8221;on|phone&#8221; module_class=&#8221;js-parallax-hero&#8221; _builder_version=&#8221;4.27.4&#8243; _module_preset=&#8221;default&#8221; background_image=&#8221;https:\/\/sitiofuturo.com\/wp-content\/uploads\/2025\/09\/back-bottom-section-scaled.jpg&#8221; custom_margin=&#8221;0px||||false|false&#8221; custom_padding=&#8221;100px||100px||true|false&#8221; custom_padding_tablet=&#8221;100px||100px||true|false&#8221; custom_padding_phone=&#8221;50px||50px||true|false&#8221; global_colors_info=&#8221;{}&#8221;][et_pb_row column_structure=&#8221;3_5,2_5&#8243; custom_padding_last_edited=&#8221;on|phone&#8221; module_class=&#8221;animated-fade-up animated-offset-300&#8243; _builder_version=&#8221;4.27.4&#8243; _module_preset=&#8221;default&#8221; custom_padding_tablet=&#8221;&#8221; custom_padding_phone=&#8221;||0px||false|false&#8221; global_colors_info=&#8221;{}&#8221;][et_pb_column type=&#8221;3_5&#8243; _builder_version=&#8221;4.27.4&#8243; _module_preset=&#8221;default&#8221; global_colors_info=&#8221;{}&#8221;][et_pb_image src=&#8221;https:\/\/sitiofuturo.com\/wp-content\/uploads\/2025\/09\/sf.svg&#8221; alt=&#8221;SF&#8221; title_text=&#8221;SF&#8221; _builder_version=&#8221;4.27.4&#8243; _module_preset=&#8221;default&#8221; width=&#8221;100px&#8221; width_tablet=&#8221;100px&#8221; width_phone=&#8221;90px&#8221; width_last_edited=&#8221;on|tablet&#8221; global_colors_info=&#8221;{}&#8221;][\/et_pb_image][et_pb_text module_class=&#8221;text-40 text-400 text-white&#8221; _builder_version=&#8221;4.27.4&#8243; _module_preset=&#8221;default&#8221; custom_padding=&#8221;||32px||false|false&#8221; border_width_bottom=&#8221;1px&#8221; border_color_bottom=&#8221;#FFFFFF&#8221; global_colors_info=&#8221;{}&#8221;]<\/p>\n<h2>Sitio Futuro is a new pioneering meeting point for institutions, companies, creators and citizens. At Sitio Futuro we build together a horizon where culture and its financing occupy the central place it deserves.<\/h2>\n<p>[\/et_pb_text][et_pb_text module_class=&#8221;text-40 text-white&#8221; _builder_version=&#8221;4.27.4&#8243; _module_preset=&#8221;default&#8221; global_colors_info=&#8221;{}&#8221;]<\/p>\n<p>September 27 \u2013 28, 2025<\/p>\n<p>[\/et_pb_text][et_pb_button button_url=&#8221;@ET-DC@eyJkeW5hbWljIjp0cnVlLCJjb250ZW50IjoicG9zdF9saW5rX3VybF9wYWdlIiwic2V0dGluZ3MiOnsicG9zdF9pZCI6IjEzNSJ9fQ==@&#8221; button_text=&#8221;Conoce a los ponentes&#8221; module_class=&#8221;btn btn&#8211;type1&#8243; _builder_version=&#8221;4.27.4&#8243; _dynamic_attributes=&#8221;button_url&#8221; _module_preset=&#8221;default&#8221; custom_button=&#8221;on&#8221; button_text_size=&#8221;18px&#8221; button_text_color=&#8221;#e23b3b&#8221; button_bg_color=&#8221;#FFFFFF&#8221; button_border_width=&#8221;0px&#8221; button_border_radius=&#8221;10px&#8221; button_font=&#8221;|600|||||||&#8221; button_use_icon=&#8221;off&#8221; positioning=&#8221;relative&#8221; custom_margin=&#8221;|||0px|false|false&#8221; custom_padding=&#8221;||||false|false&#8221; global_colors_info=&#8221;{}&#8221; button_bg_color__hover_enabled=&#8221;on|hover&#8221; button_bg_color__hover=&#8221;#f5f9ff&#8221; button_bg_enable_color__hover=&#8221;on&#8221;][\/et_pb_button][\/et_pb_column][et_pb_column type=&#8221;2_5&#8243; _builder_version=&#8221;4.27.4&#8243; _module_preset=&#8221;default&#8221; global_colors_info=&#8221;{}&#8221;][\/et_pb_column][\/et_pb_row][\/et_pb_section]<\/p>","protected":false},"excerpt":{"rendered":"<p>La cultura es el nido donde se gesta el futuroEl elefante en la sala: \u00bfQui\u00e9n financia la cultura?27 y 28 de septiembre de 2025Barcelona | MACBALa cultura no es un lujo: es una infraestructura clave para el desarrollo humano Barcelona ser\u00e1 la sede de Sitio Futuro, un foro internacional que invitar\u00e1 a pensar otros modelos [&hellip;]<\/p>","protected":false},"author":2,"featured_media":23,"parent":0,"menu_order":0,"comment_status":"closed","ping_status":"closed","template":"","meta":{"_et_pb_use_builder":"on","_et_pb_old_content":"","_et_gb_content_width":"","inline_featured_image":false,"footnotes":""},"class_list":["post-21","page","type-page","status-publish","has-post-thumbnail","hentry"],"yoast_head":"<!-- This site is optimized with the Yoast SEO plugin v27.4 - https:\/\/yoast.com\/product\/yoast-seo-wordpress\/ -->\n<title>Inicio - Sitio Futuro<\/title>\n<meta name=\"robots\" content=\"index, follow, max-snippet:-1, max-image-preview:large, max-video-preview:-1\" \/>\n<link rel=\"canonical\" href=\"https:\/\/sitiofuturo.com\/en\/\" \/>\n<meta property=\"og:locale\" content=\"en_US\" \/>\n<meta property=\"og:type\" content=\"article\" \/>\n<meta property=\"og:title\" content=\"Inicio - Sitio Futuro\" \/>\n<meta property=\"og:description\" content=\"La cultura es el nido donde se gesta el futuroEl elefante en la sala: \u00bfQui\u00e9n financia la cultura?27 y 28 de septiembre de 2025Barcelona | MACBALa cultura no es un lujo: es una infraestructura clave para el desarrollo humano Barcelona ser\u00e1 la sede de Sitio Futuro, un foro internacional que invitar\u00e1 a pensar otros modelos [&hellip;]\" \/>\n<meta property=\"og:url\" content=\"https:\/\/sitiofuturo.com\/en\/\" \/>\n<meta property=\"og:site_name\" content=\"Sitio Futuro\" \/>\n<meta property=\"article:modified_time\" content=\"2025-09-26T23:57:39+00:00\" \/>\n<meta property=\"og:image\" content=\"https:\/\/sitiofuturo.com\/wp-content\/uploads\/2025\/09\/share.png\" \/>\n\t<meta property=\"og:image:width\" content=\"1251\" \/>\n\t<meta property=\"og:image:height\" content=\"876\" \/>\n\t<meta property=\"og:image:type\" content=\"image\/png\" \/>\n<meta name=\"twitter:card\" content=\"summary_large_image\" \/>\n<meta name=\"twitter:label1\" content=\"Est. reading time\" \/>\n\t<meta name=\"twitter:data1\" content=\"1 minute\" \/>\n<script type=\"application\/ld+json\" class=\"yoast-schema-graph\">{\"@context\":\"https:\\\/\\\/schema.org\",\"@graph\":[{\"@type\":\"WebPage\",\"@id\":\"https:\\\/\\\/sitiofuturo.com\\\/\",\"url\":\"https:\\\/\\\/sitiofuturo.com\\\/\",\"name\":\"Inicio - Sitio Futuro\",\"isPartOf\":{\"@id\":\"https:\\\/\\\/sitiofuturo.com\\\/#website\"},\"primaryImageOfPage\":{\"@id\":\"https:\\\/\\\/sitiofuturo.com\\\/#primaryimage\"},\"image\":{\"@id\":\"https:\\\/\\\/sitiofuturo.com\\\/#primaryimage\"},\"thumbnailUrl\":\"https:\\\/\\\/sitiofuturo.com\\\/wp-content\\\/uploads\\\/2025\\\/09\\\/share.png\",\"datePublished\":\"2025-09-03T00:33:53+00:00\",\"dateModified\":\"2025-09-26T23:57:39+00:00\",\"breadcrumb\":{\"@id\":\"https:\\\/\\\/sitiofuturo.com\\\/#breadcrumb\"},\"inLanguage\":\"en-US\",\"potentialAction\":[{\"@type\":\"ReadAction\",\"target\":[\"https:\\\/\\\/sitiofuturo.com\\\/\"]}]},{\"@type\":\"ImageObject\",\"inLanguage\":\"en-US\",\"@id\":\"https:\\\/\\\/sitiofuturo.com\\\/#primaryimage\",\"url\":\"https:\\\/\\\/sitiofuturo.com\\\/wp-content\\\/uploads\\\/2025\\\/09\\\/share.png\",\"contentUrl\":\"https:\\\/\\\/sitiofuturo.com\\\/wp-content\\\/uploads\\\/2025\\\/09\\\/share.png\",\"width\":1251,\"height\":876},{\"@type\":\"BreadcrumbList\",\"@id\":\"https:\\\/\\\/sitiofuturo.com\\\/#breadcrumb\",\"itemListElement\":[{\"@type\":\"ListItem\",\"position\":1,\"name\":\"Inicio\",\"item\":\"https:\\\/\\\/sitiofuturo.com\\\/\"},{\"@type\":\"ListItem\",\"position\":2,\"name\":\"Inicio\"}]},{\"@type\":\"WebSite\",\"@id\":\"https:\\\/\\\/sitiofuturo.com\\\/#website\",\"url\":\"https:\\\/\\\/sitiofuturo.com\\\/\",\"name\":\"Sitio Futuro\",\"description\":\"\",\"potentialAction\":[{\"@type\":\"SearchAction\",\"target\":{\"@type\":\"EntryPoint\",\"urlTemplate\":\"https:\\\/\\\/sitiofuturo.com\\\/?s={search_term_string}\"},\"query-input\":{\"@type\":\"PropertyValueSpecification\",\"valueRequired\":true,\"valueName\":\"search_term_string\"}}],\"inLanguage\":\"en-US\"}]}<\/script>\n<!-- \/ Yoast SEO plugin. -->","yoast_head_json":{"title":"Inicio - Sitio Futuro","robots":{"index":"index","follow":"follow","max-snippet":"max-snippet:-1","max-image-preview":"max-image-preview:large","max-video-preview":"max-video-preview:-1"},"canonical":"https:\/\/sitiofuturo.com\/en\/","og_locale":"en_US","og_type":"article","og_title":"Inicio - Sitio Futuro","og_description":"La cultura es el nido donde se gesta el futuroEl elefante en la sala: \u00bfQui\u00e9n financia la cultura?27 y 28 de septiembre de 2025Barcelona | MACBALa cultura no es un lujo: es una infraestructura clave para el desarrollo humano Barcelona ser\u00e1 la sede de Sitio Futuro, un foro internacional que invitar\u00e1 a pensar otros modelos [&hellip;]","og_url":"https:\/\/sitiofuturo.com\/en\/","og_site_name":"Sitio Futuro","article_modified_time":"2025-09-26T23:57:39+00:00","og_image":[{"width":1251,"height":876,"url":"https:\/\/sitiofuturo.com\/wp-content\/uploads\/2025\/09\/share.png","type":"image\/png"}],"twitter_card":"summary_large_image","twitter_misc":{"Est. reading time":"1 minute"},"schema":{"@context":"https:\/\/schema.org","@graph":[{"@type":"WebPage","@id":"https:\/\/sitiofuturo.com\/","url":"https:\/\/sitiofuturo.com\/","name":"Inicio - Sitio Futuro","isPartOf":{"@id":"https:\/\/sitiofuturo.com\/#website"},"primaryImageOfPage":{"@id":"https:\/\/sitiofuturo.com\/#primaryimage"},"image":{"@id":"https:\/\/sitiofuturo.com\/#primaryimage"},"thumbnailUrl":"https:\/\/sitiofuturo.com\/wp-content\/uploads\/2025\/09\/share.png","datePublished":"2025-09-03T00:33:53+00:00","dateModified":"2025-09-26T23:57:39+00:00","breadcrumb":{"@id":"https:\/\/sitiofuturo.com\/#breadcrumb"},"inLanguage":"en-US","potentialAction":[{"@type":"ReadAction","target":["https:\/\/sitiofuturo.com\/"]}]},{"@type":"ImageObject","inLanguage":"en-US","@id":"https:\/\/sitiofuturo.com\/#primaryimage","url":"https:\/\/sitiofuturo.com\/wp-content\/uploads\/2025\/09\/share.png","contentUrl":"https:\/\/sitiofuturo.com\/wp-content\/uploads\/2025\/09\/share.png","width":1251,"height":876},{"@type":"BreadcrumbList","@id":"https:\/\/sitiofuturo.com\/#breadcrumb","itemListElement":[{"@type":"ListItem","position":1,"name":"Inicio","item":"https:\/\/sitiofuturo.com\/"},{"@type":"ListItem","position":2,"name":"Inicio"}]},{"@type":"WebSite","@id":"https:\/\/sitiofuturo.com\/#website","url":"https:\/\/sitiofuturo.com\/","name":"Future Site","description":"","potentialAction":[{"@type":"SearchAction","target":{"@type":"EntryPoint","urlTemplate":"https:\/\/sitiofuturo.com\/?s={search_term_string}"},"query-input":{"@type":"PropertyValueSpecification","valueRequired":true,"valueName":"search_term_string"}}],"inLanguage":"en-US"}]}},"_links":{"self":[{"href":"https:\/\/sitiofuturo.com\/en\/wp-json\/wp\/v2\/pages\/21","targetHints":{"allow":["GET"]}}],"collection":[{"href":"https:\/\/sitiofuturo.com\/en\/wp-json\/wp\/v2\/pages"}],"about":[{"href":"https:\/\/sitiofuturo.com\/en\/wp-json\/wp\/v2\/types\/page"}],"author":[{"embeddable":true,"href":"https:\/\/sitiofuturo.com\/en\/wp-json\/wp\/v2\/users\/2"}],"replies":[{"embeddable":true,"href":"https:\/\/sitiofuturo.com\/en\/wp-json\/wp\/v2\/comments?post=21"}],"version-history":[{"count":91,"href":"https:\/\/sitiofuturo.com\/en\/wp-json\/wp\/v2\/pages\/21\/revisions"}],"predecessor-version":[{"id":681,"href":"https:\/\/sitiofuturo.com\/en\/wp-json\/wp\/v2\/pages\/21\/revisions\/681"}],"wp:featuredmedia":[{"embeddable":true,"href":"https:\/\/sitiofuturo.com\/en\/wp-json\/wp\/v2\/media\/23"}],"wp:attachment":[{"href":"https:\/\/sitiofuturo.com\/en\/wp-json\/wp\/v2\/media?parent=21"}],"curies":[{"name":"wp","href":"https:\/\/api.w.org\/{rel}","templated":true}]}}